{"id":3276,"date":"2024-08-01T09:54:59","date_gmt":"2024-08-01T13:54:59","guid":{"rendered":"https:\/\/www.apartment11.tv\/?page_id=3276"},"modified":"2026-03-25T15:30:21","modified_gmt":"2026-03-25T19:30:21","slug":"la-quete-de-lumie","status":"publish","type":"page","link":"https:\/\/www.apartment11.tv\/fr\/productions-tele\/la-quete-de-lumie\/","title":{"rendered":"La Quete de Lumie"},"content":{"rendered":"<div class=\"wpb-content-wrapper\">[vc_row fullwidth=\u00a0\u00bbtrue\u00a0\u00bb][vc_column][rev_slider_vc alias=\u00a0\u00bbgreen-squad-1&Prime;][\/vc_column][\/vc_row][vc_row][vc_column width=\u00a0\u00bb1\/2&Prime;][vc_video link=\u00a0\u00bbhttps:\/\/youtu.be\/-KHKDZLXy7c\u00a0\u00bb][vc_empty_space][mk_divider style=\u00a0\u00bbsingle_dotted\u00a0\u00bb border_color=\u00a0\u00bb#c5c5c5&Prime; margin_top=\u00a0\u00bb0&Prime;][vc_row_inner][vc_column_inner][vc_column_text css=\u00a0\u00bb.vc_custom_1659647240169{margin-bottom: 0px !important;}\u00a0\u00bb]\n<h2>Connect with us<\/h2>\n[\/vc_column_text][vc_column_text css=\u00a0\u00bb.vc_custom_1723566727199{margin-bottom: 0px !important;}\u00a0\u00bb]<a href=\"https:\/\/www.facebook.com\/ravensquesttv\/\"><img loading=\"lazy\" decoding=\"async\" class=\"alignleft wp-image-544 size-full\" src=\"http:\/\/apartment11.tv\/wp-content\/uploads\/facebook.gif\" alt=\"facebook\" width=\"25\" height=\"25\" \/><\/a><a href=\"https:\/\/www.facebook.com\/profile.php?id=61562806000021\" target=\"_blank\" rel=\"noopener noreferrer\">@Laquetedelumie<\/a>[\/vc_column_text][vc_column_text css=\u00a0\u00bb.vc_custom_1723566777249{margin-bottom: 0px !important;}\u00a0\u00bb]<a href=\"https:\/\/www.instagram.com\/ravensquest_tv\/\" target=\"_blank\" rel=\"noopener noreferrer\"><img loading=\"lazy\" decoding=\"async\" class=\"alignleft wp-image-891 size-full\" src=\"http:\/\/apartment11.tv\/wp-content\/uploads\/instagram.gif\" alt=\"\" width=\"25\" height=\"25\" srcset=\"https:\/\/www.apartment11.tv\/wp-content\/uploads\/instagram.gif 25w, https:\/\/www.apartment11.tv\/wp-content\/uploads\/instagram-1024x1024.gif 1024w\" sizes=\"auto, (max-width: 25px) 100vw, 25px\" \/><\/a><a class=\"social_sidebar_link\" href=\"https:\/\/www.instagram.com\/laquetedelumie\/\" target=\"_blank\" rel=\"noopener noreferrer\">@Laquetedelumie<\/a>[\/vc_column_text][vc_empty_space][mk_divider style=\u00a0\u00bbsingle_dotted\u00a0\u00bb border_color=\u00a0\u00bb#c5c5c5&Prime; margin_top=\u00a0\u00bb0&Prime;][\/vc_column_inner][\/vc_row_inner][vc_gallery type=\u00a0\u00bbimage_grid\u00a0\u00bb images=\u00a0\u00bb3260,3262,3264,3266,3268,3270&Prime; img_size=\u00a0\u00bb140&#215;140&Prime; el_class=\u00a0\u00bbimage-gallery\u00a0\u00bb][\/vc_column][vc_column width=\u00a0\u00bb1\/2&Prime;][vc_column_text css=\u00a0\u00bb.vc_custom_1774467020757{margin-bottom: 0px !important;}\u00a0\u00bb]\n<h2><img loading=\"lazy\" decoding=\"async\" class=\"wp-image-3257 size-medium alignright\" src=\"https:\/\/www.apartment11.tv\/wp-content\/uploads\/la-quete-de-lumie-logo-300x300.png\" alt=\"\" width=\"300\" height=\"300\" srcset=\"https:\/\/www.apartment11.tv\/wp-content\/uploads\/la-quete-de-lumie-logo-300x300.png 300w, https:\/\/www.apartment11.tv\/wp-content\/uploads\/la-quete-de-lumie-logo-150x150.png 150w, https:\/\/www.apartment11.tv\/wp-content\/uploads\/la-quete-de-lumie-logo-60x60.png 60w, https:\/\/www.apartment11.tv\/wp-content\/uploads\/la-quete-de-lumie-logo-266x266.png 266w, https:\/\/www.apartment11.tv\/wp-content\/uploads\/la-quete-de-lumie-logo-600x600.png 600w, https:\/\/www.apartment11.tv\/wp-content\/uploads\/la-quete-de-lumie-logo.png 500w\" sizes=\"auto, (max-width: 300px) 100vw, 300px\" \/>\u00c0 propos de la s\u00e9rie<\/h2>\n<p><strong>S\u00e9rie documentaire pour enfants<\/strong><br \/>\n<strong>De 6 \u00e0 9 ans<\/strong><br \/>\n<strong>1 saison &#8211; 17 \u00e9pisodes de 7 minutes<\/strong><\/p>\n<p><strong>La qu\u00eate de Lumie<\/strong> est une s\u00e9rie de courtes vid\u00e9os qui mettent de l\u2019avant des enfants noirs de la province d\u2019Ontario. Chaque \u00e9pisode pr\u00e9sente un enfant unique partageant ses origines ethniques et culturelles tout en d\u00e9voilant ses passe-temps quotidiens, ses talents et son riche patrimoine canadien. Avec des messages inspirants de vedettes afro-canadiennes exer\u00e7ant leur m\u00e9tier de r\u00eave, chaque \u00e9pisode encourage ces jeunes \u00e0 poursuivre leur chemin vers l\u2019excellence.<\/p>\n<p>Voir la s\u00e9rie anglaise, Sunny\u2019s Quest, <a href=\"https:\/\/www.apartment11.tv\/fr\/productions-tele\/sunnys-quest\/\">ici<\/a>.<\/p>\n<h2>O\u00f9 visioner la s\u00e9rie<\/h2>\n<p><a href=\"https:\/\/www.tfo.org\/serie\/la-quete-de-lumie\/002958865\" target=\"_blank\" rel=\"noopener\">TFO<\/a><\/p>\n<h2>Prix<\/h2>\n<p><strong>PRIX D&rsquo;EXCELLENCE DE L&rsquo;AMJ 2026<\/strong><br \/>\nNomination &#8211; Prix d\u2019excellence pour la meilleure \u00e9mission unique (Mathias et Daisy)<\/p>\n<h2>Acquisitions<\/h2>\n<p>Contact pour l\u2019acquisition : Mindy Laxer (<a href=\"mailto:mindy@apartment11.tv\">mindy@apartment11.tv<\/a>)<\/p>\n<h2>Partenaires<\/h2>\n<p><img loading=\"lazy\" decoding=\"async\" class=\"alignleft wp-image-3272 size-full\" src=\"https:\/\/www.apartment11.tv\/wp-content\/uploads\/tfo.png\" alt=\"\" width=\"138\" height=\"75\" \/><img loading=\"lazy\" decoding=\"async\" class=\"alignleft wp-image-1606\" src=\"https:\/\/www.apartment11.tv\/wp-content\/uploads\/canada-media-fund.jpg\" alt=\"\" width=\"115\" height=\"72\" \/><img loading=\"lazy\" decoding=\"async\" class=\"alignleft wp-image-1604 size-full\" src=\"https:\/\/www.apartment11.tv\/wp-content\/uploads\/shaw_rocket_fund-en-small.jpg\" alt=\"\" width=\"100\" height=\"75\" \/><img loading=\"lazy\" decoding=\"async\" class=\"alignleft wp-image-3312\" src=\"https:\/\/www.apartment11.tv\/wp-content\/uploads\/ontario-creatif-300x132.png\" alt=\"\" width=\"170\" height=\"75\" \/>[\/vc_column_text][mk_padding_divider size=\u00a0\u00bb50&Prime;][\/vc_column][\/vc_row]\n<\/div>","protected":false},"excerpt":{"rendered":"<p>[vc_row fullwidth=\u00a0\u00bbtrue\u00a0\u00bb][vc_column][rev_slider_vc alias=\u00a0\u00bbgreen-squad-1&Prime;][\/vc_column][\/vc_row][vc_row][vc_column width=\u00a0\u00bb1\/2&Prime;][vc_video link=\u00a0\u00bbhttps:\/\/youtu.be\/-KHKDZLXy7c\u00a0\u00bb][vc_empty_space][mk_divider style=\u00a0\u00bbsingle_dotted\u00a0\u00bb border_color=\u00a0\u00bb#c5c5c5&Prime; margin_top=\u00a0\u00bb0&Prime;][vc_row_inner][vc_column_inner][vc_column_text css=\u00a0\u00bb.vc_custom_1659647240169{margin-bottom: 0px !important;}\u00a0\u00bb] Connect with us [\/vc_column_text][vc_column_text css=\u00a0\u00bb.vc_custom_1723566727199{margin-bottom: 0px !important;}\u00a0\u00bb]@Laquetedelumie[\/vc_column_text][vc_column_text css=\u00a0\u00bb.vc_custom_1723566777249{margin-bottom: 0px !important;}\u00a0\u00bb]@Laquetedelumie[\/vc_column_text][vc_empty_space][mk_divider style=\u00a0\u00bbsingle_dotted\u00a0\u00bb border_color=\u00a0\u00bb#c5c5c5&Prime; margin_top=\u00a0\u00bb0&Prime;][\/vc_column_inner][\/vc_row_inner][vc_gallery type=\u00a0\u00bbimage_grid\u00a0\u00bb images=\u00a0\u00bb3260,3262,3264,3266,3268,3270&Prime; img_size=\u00a0\u00bb140&#215;140&Prime; el_class=\u00a0\u00bbimage-gallery\u00a0\u00bb][\/vc_column][vc_column width=\u00a0\u00bb1\/2&Prime;][vc_column_text css=\u00a0\u00bb.vc_custom_1774467020757{margin-bottom: 0px !important;}\u00a0\u00bb] \u00c0 propos de la s\u00e9rie S\u00e9rie documentaire pour enfants De 6 \u00e0 9 ans 1 saison &#8211; 17 \u00e9pisodes de 7 minutes La [&hellip;]<\/p>\n","protected":false},"author":1,"featured_media":3258,"parent":721,"menu_order":0,"comment_status":"closed","ping_status":"closed","template":"","meta":{"footnotes":""},"class_list":["post-3276","page","type-page","status-publish","has-post-thumbnail","hentry"],"yoast_head":"<!-- This site is optimized with the Yoast SEO plugin v27.2 - https:\/\/yoast.com\/product\/yoast-seo-wordpress\/ -->\n<title>La Quete de Lumie - Apartment 11 Productions<\/title>\n<meta name=\"description\" content=\"La qu\u00eate de Lumie is the French-language adaptation of the Sunny\u2019s Quest series showcasing intimate portraits of Black children living in the province of Ontario.\" \/>\n<meta name=\"robots\" content=\"index, follow, max-snippet:-1, max-image-preview:large, max-video-preview:-1\" \/>\n<link rel=\"canonical\" href=\"https:\/\/www.apartment11.tv\/fr\/productions-tele\/la-quete-de-lumie\/\" \/>\n<meta property=\"og:locale\" content=\"fr_FR\" \/>\n<meta property=\"og:type\" content=\"article\" \/>\n<meta property=\"og:title\" content=\"La Quete de Lumie - Apartment 11 Productions\" \/>\n<meta property=\"og:description\" content=\"La qu\u00eate de Lumie is the French-language adaptation of the Sunny\u2019s Quest series showcasing intimate portraits of Black children living in the province of Ontario.\" \/>\n<meta property=\"og:url\" content=\"https:\/\/www.apartment11.tv\/fr\/productions-tele\/la-quete-de-lumie\/\" \/>\n<meta property=\"og:site_name\" content=\"Apartment 11 Productions\" \/>\n<meta property=\"article:publisher\" content=\"https:\/\/www.facebook.com\/Apartment11Productions\" \/>\n<meta property=\"article:modified_time\" content=\"2026-03-25T19:30:21+00:00\" \/>\n<meta property=\"og:image\" content=\"https:\/\/www.apartment11.tv\/wp-content\/uploads\/la-quete-de-lumie-logo.png\" \/>\n\t<meta property=\"og:image:width\" content=\"500\" \/>\n\t<meta property=\"og:image:height\" content=\"500\" \/>\n\t<meta property=\"og:image:type\" content=\"image\/png\" \/>\n<meta name=\"twitter:card\" content=\"summary_large_image\" \/>\n<meta name=\"twitter:site\" content=\"@Apartment11Prod\" \/>\n<meta name=\"twitter:label1\" content=\"Dur\u00e9e de lecture estim\u00e9e\" \/>\n\t<meta name=\"twitter:data1\" content=\"4 minutes\" \/>\n<script type=\"application\/ld+json\" class=\"yoast-schema-graph\">{\"@context\":\"https:\/\/schema.org\",\"@graph\":[{\"@type\":\"WebPage\",\"@id\":\"https:\/\/www.apartment11.tv\/fr\/productions-tele\/la-quete-de-lumie\/\",\"url\":\"https:\/\/www.apartment11.tv\/fr\/productions-tele\/la-quete-de-lumie\/\",\"name\":\"La Quete de Lumie - Apartment 11 Productions\",\"isPartOf\":{\"@id\":\"https:\/\/www.apartment11.tv\/#website\"},\"primaryImageOfPage\":{\"@id\":\"https:\/\/www.apartment11.tv\/fr\/productions-tele\/la-quete-de-lumie\/#primaryimage\"},\"image\":{\"@id\":\"https:\/\/www.apartment11.tv\/fr\/productions-tele\/la-quete-de-lumie\/#primaryimage\"},\"thumbnailUrl\":\"https:\/\/www.apartment11.tv\/wp-content\/uploads\/la-quete-de-lumie-logo.png\",\"datePublished\":\"2024-08-01T13:54:59+00:00\",\"dateModified\":\"2026-03-25T19:30:21+00:00\",\"description\":\"La qu\u00eate de Lumie is the French-language adaptation of the Sunny\u2019s Quest series showcasing intimate portraits of Black children living in the province of Ontario.\",\"breadcrumb\":{\"@id\":\"https:\/\/www.apartment11.tv\/fr\/productions-tele\/la-quete-de-lumie\/#breadcrumb\"},\"inLanguage\":\"fr-FR\",\"potentialAction\":[{\"@type\":\"ReadAction\",\"target\":[\"https:\/\/www.apartment11.tv\/fr\/productions-tele\/la-quete-de-lumie\/\"]}]},{\"@type\":\"ImageObject\",\"inLanguage\":\"fr-FR\",\"@id\":\"https:\/\/www.apartment11.tv\/fr\/productions-tele\/la-quete-de-lumie\/#primaryimage\",\"url\":\"https:\/\/www.apartment11.tv\/wp-content\/uploads\/la-quete-de-lumie-logo.png\",\"contentUrl\":\"https:\/\/www.apartment11.tv\/wp-content\/uploads\/la-quete-de-lumie-logo.png\",\"width\":500,\"height\":500},{\"@type\":\"BreadcrumbList\",\"@id\":\"https:\/\/www.apartment11.tv\/fr\/productions-tele\/la-quete-de-lumie\/#breadcrumb\",\"itemListElement\":[{\"@type\":\"ListItem\",\"position\":1,\"name\":\"Home\",\"item\":\"https:\/\/www.apartment11.tv\/fr\/\"},{\"@type\":\"ListItem\",\"position\":2,\"name\":\"Productions t\u00e9l\u00e9\",\"item\":\"https:\/\/www.apartment11.tv\/fr\/productions-tele\/\"},{\"@type\":\"ListItem\",\"position\":3,\"name\":\"La Quete de Lumie\"}]},{\"@type\":\"WebSite\",\"@id\":\"https:\/\/www.apartment11.tv\/#website\",\"url\":\"https:\/\/www.apartment11.tv\/\",\"name\":\"Apartment 11 Productions\",\"description\":\"Award-Winning Television Productions and Cross-Platform Projects for both Adult and Younger Audiences\",\"potentialAction\":[{\"@type\":\"SearchAction\",\"target\":{\"@type\":\"EntryPoint\",\"urlTemplate\":\"https:\/\/www.apartment11.tv\/?s={search_term_string}\"},\"query-input\":{\"@type\":\"PropertyValueSpecification\",\"valueRequired\":true,\"valueName\":\"search_term_string\"}}],\"inLanguage\":\"fr-FR\"}]}<\/script>\n<!-- \/ Yoast SEO plugin. -->","yoast_head_json":{"title":"La Quete de Lumie - Apartment 11 Productions","description":"La qu\u00eate de Lumie is the French-language adaptation of the Sunny\u2019s Quest series showcasing intimate portraits of Black children living in the province of Ontario.","robots":{"index":"index","follow":"follow","max-snippet":"max-snippet:-1","max-image-preview":"max-image-preview:large","max-video-preview":"max-video-preview:-1"},"canonical":"https:\/\/www.apartment11.tv\/fr\/productions-tele\/la-quete-de-lumie\/","og_locale":"fr_FR","og_type":"article","og_title":"La Quete de Lumie - Apartment 11 Productions","og_description":"La qu\u00eate de Lumie is the French-language adaptation of the Sunny\u2019s Quest series showcasing intimate portraits of Black children living in the province of Ontario.","og_url":"https:\/\/www.apartment11.tv\/fr\/productions-tele\/la-quete-de-lumie\/","og_site_name":"Apartment 11 Productions","article_publisher":"https:\/\/www.facebook.com\/Apartment11Productions","article_modified_time":"2026-03-25T19:30:21+00:00","og_image":[{"width":500,"height":500,"url":"https:\/\/www.apartment11.tv\/wp-content\/uploads\/la-quete-de-lumie-logo.png","type":"image\/png"}],"twitter_card":"summary_large_image","twitter_site":"@Apartment11Prod","twitter_misc":{"Dur\u00e9e de lecture estim\u00e9e":"4 minutes"},"schema":{"@context":"https:\/\/schema.org","@graph":[{"@type":"WebPage","@id":"https:\/\/www.apartment11.tv\/fr\/productions-tele\/la-quete-de-lumie\/","url":"https:\/\/www.apartment11.tv\/fr\/productions-tele\/la-quete-de-lumie\/","name":"La Quete de Lumie - Apartment 11 Productions","isPartOf":{"@id":"https:\/\/www.apartment11.tv\/#website"},"primaryImageOfPage":{"@id":"https:\/\/www.apartment11.tv\/fr\/productions-tele\/la-quete-de-lumie\/#primaryimage"},"image":{"@id":"https:\/\/www.apartment11.tv\/fr\/productions-tele\/la-quete-de-lumie\/#primaryimage"},"thumbnailUrl":"https:\/\/www.apartment11.tv\/wp-content\/uploads\/la-quete-de-lumie-logo.png","datePublished":"2024-08-01T13:54:59+00:00","dateModified":"2026-03-25T19:30:21+00:00","description":"La qu\u00eate de Lumie is the French-language adaptation of the Sunny\u2019s Quest series showcasing intimate portraits of Black children living in the province of Ontario.","breadcrumb":{"@id":"https:\/\/www.apartment11.tv\/fr\/productions-tele\/la-quete-de-lumie\/#breadcrumb"},"inLanguage":"fr-FR","potentialAction":[{"@type":"ReadAction","target":["https:\/\/www.apartment11.tv\/fr\/productions-tele\/la-quete-de-lumie\/"]}]},{"@type":"ImageObject","inLanguage":"fr-FR","@id":"https:\/\/www.apartment11.tv\/fr\/productions-tele\/la-quete-de-lumie\/#primaryimage","url":"https:\/\/www.apartment11.tv\/wp-content\/uploads\/la-quete-de-lumie-logo.png","contentUrl":"https:\/\/www.apartment11.tv\/wp-content\/uploads\/la-quete-de-lumie-logo.png","width":500,"height":500},{"@type":"BreadcrumbList","@id":"https:\/\/www.apartment11.tv\/fr\/productions-tele\/la-quete-de-lumie\/#breadcrumb","itemListElement":[{"@type":"ListItem","position":1,"name":"Home","item":"https:\/\/www.apartment11.tv\/fr\/"},{"@type":"ListItem","position":2,"name":"Productions t\u00e9l\u00e9","item":"https:\/\/www.apartment11.tv\/fr\/productions-tele\/"},{"@type":"ListItem","position":3,"name":"La Quete de Lumie"}]},{"@type":"WebSite","@id":"https:\/\/www.apartment11.tv\/#website","url":"https:\/\/www.apartment11.tv\/","name":"Apartment 11 Productions","description":"Award-Winning Television Productions and Cross-Platform Projects for both Adult and Younger Audiences","potentialAction":[{"@type":"SearchAction","target":{"@type":"EntryPoint","urlTemplate":"https:\/\/www.apartment11.tv\/?s={search_term_string}"},"query-input":{"@type":"PropertyValueSpecification","valueRequired":true,"valueName":"search_term_string"}}],"inLanguage":"fr-FR"}]}},"_links":{"self":[{"href":"https:\/\/www.apartment11.tv\/fr\/wp-json\/wp\/v2\/pages\/3276","targetHints":{"allow":["GET"]}}],"collection":[{"href":"https:\/\/www.apartment11.tv\/fr\/wp-json\/wp\/v2\/pages"}],"about":[{"href":"https:\/\/www.apartment11.tv\/fr\/wp-json\/wp\/v2\/types\/page"}],"author":[{"embeddable":true,"href":"https:\/\/www.apartment11.tv\/fr\/wp-json\/wp\/v2\/users\/1"}],"replies":[{"embeddable":true,"href":"https:\/\/www.apartment11.tv\/fr\/wp-json\/wp\/v2\/comments?post=3276"}],"version-history":[{"count":7,"href":"https:\/\/www.apartment11.tv\/fr\/wp-json\/wp\/v2\/pages\/3276\/revisions"}],"predecessor-version":[{"id":3547,"href":"https:\/\/www.apartment11.tv\/fr\/wp-json\/wp\/v2\/pages\/3276\/revisions\/3547"}],"up":[{"embeddable":true,"href":"https:\/\/www.apartment11.tv\/fr\/wp-json\/wp\/v2\/pages\/721"}],"wp:featuredmedia":[{"embeddable":true,"href":"https:\/\/www.apartment11.tv\/fr\/wp-json\/wp\/v2\/media\/3258"}],"wp:attachment":[{"href":"https:\/\/www.apartment11.tv\/fr\/wp-json\/wp\/v2\/media?parent=3276"}],"curies":[{"name":"wp","href":"https:\/\/api.w.org\/{rel}","templated":true}]}}