{"id":833,"date":"2015-12-31T09:16:38","date_gmt":"2015-12-31T14:16:38","guid":{"rendered":"http:\/\/apartment11.tv\/wordpress\/fr\/?page_id=833"},"modified":"2018-10-22T09:03:49","modified_gmt":"2018-10-22T13:03:49","slug":"endommageprise-ii","status":"publish","type":"page","link":"https:\/\/www.apartment11.tv\/fr\/productions-tele\/endommageprise-ii\/","title":{"rendered":"Endommag\u00e9\u2026Prise II"},"content":{"rendered":"<div class=\"wpb-content-wrapper\">[vc_row fullwidth=\u00a0\u00bbtrue\u00a0\u00bb][vc_column][rev_slider_vc alias=\u00a0\u00bbbanner-brain-fr\u00a0\u00bb][\/vc_column][\/vc_row][vc_row][vc_column width=\u00a0\u00bb1\/2&Prime;][vc_video link=\u00a0\u00bbhttps:\/\/youtu.be\/uXYxgqr_cLQ\u00a0\u00bb][mk_divider style=\u00a0\u00bbsingle_dotted\u00a0\u00bb align=\u00a0\u00bbleft\u00a0\u00bb border_color=\u00a0\u00bb#c5c5c5&Prime; margin_top=\u00a0\u00bb0&Prime;][vc_gallery type=\u00a0\u00bbimage_grid\u00a0\u00bb images=\u00a0\u00bb627,628,630,629&Prime; img_size=\u00a0\u00bb140&#215;140&Prime; el_class=\u00a0\u00bbimage-gallery\u00a0\u00bb][\/vc_column][vc_column width=\u00a0\u00bb1\/2&Prime;][vc_column_text]\n<h2>\u00c0 propos de la s\u00e9rie<\/h2>\n<p class=\"main_text\"><strong>Documentaire<br \/>\n60 minutes<\/strong><\/p>\n<p class=\"main_text\">Visuellement et \u00e9motionnellement saisissant, ce documentaire raconte l\u2019histoire d\u2019un r\u00e9alisateur reconnu qui suite \u00e0 un accident de voiture, apprend qu\u2019il ne pourra jamais plus marcher ni parler. Confiant, d\u00e9fiant et r\u00e9solu, il lutte pour reprendre le contr\u00f4le de sa vie.<\/p>\n<h2>Prix<\/h2>\n<p class=\"main_text\"><strong>ASSOCIATION CANADIENNE DES RADIODIFFUSEURS \u2013 2007 <\/strong><br \/>\nPrix Ruban d\u2019or<\/p>\n<p class=\"main_text\"><strong>9e FESTIVAL INTERNATIONAL DE T\u00c9L\u00c9VISION DU SICHUAN \u2013 2007 <\/strong><br \/>\nGrand prix Panda d\u2019or<\/p>\n<p class=\"main_text\"><strong>ARTS ABILITIES FESTIVAL \u2013 2007 <\/strong><br \/>\nMeilleur documentaire<br \/>\nPrix Choix du public (pour Paul Nadler, r\u00e9alisateur d\u2019<em>Endommag\u00e9\u2026Prise 2<\/em>)<\/p>\n<p class=\"main_text\"><strong>PRIX G\u00c9MEAUX \u2013 2007 <\/strong><br \/>\nNomination &#8211; Meilleur documentaire : Biographie<br \/>\nNomination &#8211; Meilleure r\u00e9alisation : documentaire<br \/>\nNomination &#8211; Meilleur texte : documentaire<br \/>\nNomination &#8211; Meilleur montage : documentaire<br \/>\nNomination &#8211; Meilleure musique originale : documentaire<\/p>\n<p class=\"main_text\"><strong>PRIX PEABODY \u2013 2007 <\/strong><br \/>\nGagnant &#8211; UNIVERSIT\u00c9 DE G\u00c9ORGIE, 66e \u00c9DITION ANNUELLE DES PRIX PEABODY<\/p>\n<p class=\"main_text\"><strong>1ER FESTIVAL INTERNATIONAL EMOTION PICTURES : DOCUMENTAIRE ET HANDICAP \u2013ATH\u00c8NES, GR\u00c8CE \u2013 2007 <\/strong><br \/>\nGagnant &#8211; Deuxi\u00e8me Prix<\/p>\n<p class=\"main_text\"><strong>FORUM DE B\u00c2LE-KARLSRUHE \u2013 SUISSE \u2013 2007 <\/strong><br \/>\nNomination &#8211; Prix Id\u00e9e Suisse SSR<br \/>\nS\u00e9lection officielle du 7e Forum de B\u00e2le-Karlsruhe<\/p>\n<p class=\"main_text\"><strong>PRIX JAPAN\u00a0\u2013\u00a02006 <\/strong><br \/>\nGagnant \u2013 Grand Prix JAPAN<br \/>\nGagnant \u2013 Meilleur programme : \u00c9ducation adulte<\/p>\n<p class=\"main_text\"><strong>DOCUMENTAIRE AYANT RE\u00c7U LE PLUS DE NOMINATIONS POUR UN PRIX GEMINI \u2013 2006<\/strong><br \/>\nGagnant &#8211; Meilleur documentaire biographique<br \/>\nGagnant &#8211; Meilleure r\u00e9alisation : Documentaire<br \/>\nNomination &#8211; Meilleur sc\u00e9nario : Film ou s\u00e9rie documentaire<br \/>\nNomination &#8211; Meilleur montage : Film ou s\u00e9rie documentaire<\/p>\n<p class=\"main_text\"><strong>INPUT TAIWAN \u2013 2006 <\/strong><br \/>\nS\u00e9lection officielle de INPUT 2006<br \/>\nLe film a \u00e9galement termin\u00e9 ex aequo quant au plus grand nombre de projections sur demande<\/p>\n<p class=\"main_text\"><strong>FESTIVAL INTERNATIONAL DU FILM IND\u00c9PENDANT \u2013 BRUXELLES \u2013 2006 <\/strong><br \/>\nGagnant &#8211; Prix Emile Cantillon (Prix du cin\u00e9ma de demain)<\/p>\n<p class=\"main_text\"><strong>THE OTHER FILM FESTIVAL \u2013 AUSTRALIE \u2013 2006 <\/strong><br \/>\nGagnant &#8211; Prix Film Victoria : Best of Fest<\/p>\n<p class=\"main_text\"><strong>FESTIVAL INTERNATIONAL DU FILM DOCUMENTAIRE DOCNZ \u2013 NOUVELLE-Z\u00c9LANDE &#8211; 2006 <\/strong><br \/>\nMention sp\u00e9ciale\u00a0&#8211; Meilleur documentaire international<\/p>\n<p class=\"main_text\"><strong>FESTIVAL DU COURT M\u00c9TRAGE ET DE LA VID\u00c9O DE YORKTON \u2013 2006 <\/strong><br \/>\nGagnant &#8211; Prix Golden Sheaf : Meilleur documentaire P.O.V.<br \/>\nNomination &#8211; Meilleure r\u00e9alisation : Autre que fiction et Meilleur montage : Autre que fiction<\/p>\n<p class=\"main_text\"><strong>SUPERFEST XXVI INTERNATIONAL DISABILITIES FILM FESTIVAL \u2013 BERKLEY \u2013 2006 <\/strong><br \/>\nGagnant &#8211; Prix Excellence<br \/>\nGagnant &#8211; Prix Spirit<br \/>\nCIN\u00c9MA SANS BARRI\u00c8RES : FESTIVAL INTERNATIONAL DU CIN\u00c9MA DE MOSCOU \u2013 MOSCOU \u2013 du 17 au 20 novembre 2006<br \/>\nGagnant &#8211; Grand Prix<\/p>\n<p class=\"main_text\"><strong>FESTIVAL PICTURE THIS \u2013 CALGARY \u2013 2006 <\/strong><br \/>\nGagnant &#8211; Meilleur documentaire r\u00e9alis\u00e9 par un cin\u00e9aste handicap\u00e9<\/p>\n<p class=\"main_text\"><strong>ONTARIO BRAIN INJURY ASSOCIATION \u2013 2006 <\/strong><br \/>\nGagnant &#8211; Prix Media<\/p>\n<p class=\"main_text\"><strong>IMAGE ET SANT\u00c9 \u2013 LI\u00c8GE \u2013 2006<\/strong><br \/>\nMention honorable<\/p>\n<h2>Acquisitions<\/h2>\n<p>Responsable des acquisitions : Mindy Laxer (<a href=\"mailto:mindy@apartment11.tv\">mindy@apartment11.tv<\/a>)<\/p>\n<h2>Partenaires<\/h2>\n<p><img loading=\"lazy\" decoding=\"async\" class=\"alignleft wp-image-56 size-full\" src=\"http:\/\/apartment11.tv\/wp-content\/uploads\/logos\/cbc_newsworld.gif\" alt=\"\" width=\"108\" height=\"75\" \/><img loading=\"lazy\" decoding=\"async\" class=\"alignleft size-full wp-image-70\" src=\"http:\/\/apartment11.tv\/wp-content\/uploads\/logos\/rdi.gif\" alt=\"rdi\" width=\"75\" height=\"75\" srcset=\"https:\/\/www.apartment11.tv\/wp-content\/uploads\/logos\/rdi.gif 75w, https:\/\/www.apartment11.tv\/wp-content\/uploads\/logos\/rdi-1024x1024.gif 1024w\" sizes=\"auto, (max-width: 75px) 100vw, 75px\" \/>[\/vc_column_text][\/vc_column][\/vc_row]\n<\/div>","protected":false},"excerpt":{"rendered":"<p>[vc_row fullwidth=\u00a0\u00bbtrue\u00a0\u00bb][vc_column][rev_slider_vc alias=\u00a0\u00bbbanner-brain-fr\u00a0\u00bb][\/vc_column][\/vc_row][vc_row][vc_column width=\u00a0\u00bb1\/2&Prime;][vc_video link=\u00a0\u00bbhttps:\/\/youtu.be\/uXYxgqr_cLQ\u00a0\u00bb][mk_divider style=\u00a0\u00bbsingle_dotted\u00a0\u00bb align=\u00a0\u00bbleft\u00a0\u00bb border_color=\u00a0\u00bb#c5c5c5&Prime; margin_top=\u00a0\u00bb0&Prime;][vc_gallery type=\u00a0\u00bbimage_grid\u00a0\u00bb images=\u00a0\u00bb627,628,630,629&Prime; img_size=\u00a0\u00bb140&#215;140&Prime; el_class=\u00a0\u00bbimage-gallery\u00a0\u00bb][\/vc_column][vc_column width=\u00a0\u00bb1\/2&Prime;][vc_column_text] \u00c0 propos de la s\u00e9rie Documentaire 60 minutes Visuellement et \u00e9motionnellement saisissant, ce documentaire raconte l\u2019histoire d\u2019un r\u00e9alisateur reconnu qui suite \u00e0 un accident de voiture, apprend qu\u2019il ne pourra jamais plus marcher ni parler. Confiant, d\u00e9fiant et r\u00e9solu, il lutte [&hellip;]<\/p>\n","protected":false},"author":1,"featured_media":0,"parent":721,"menu_order":0,"comment_status":"closed","ping_status":"closed","template":"","meta":{"footnotes":""},"class_list":["post-833","page","type-page","status-publish","hentry"],"yoast_head":"<!-- This site is optimized with the Yoast SEO plugin v27.2 - https:\/\/yoast.com\/product\/yoast-seo-wordpress\/ -->\n<title>Endommag\u00e9\u2026Prise II<\/title>\n<meta name=\"description\" content=\"Ce documentaire raconte l\u2019histoire d\u2019un r\u00e9alisateur reconnu qui suite \u00e0 un accident de voiture, apprend qu\u2019il ne pourra jamais plus marcher ni parler\" \/>\n<meta name=\"robots\" content=\"index, follow, max-snippet:-1, max-image-preview:large, max-video-preview:-1\" \/>\n<link rel=\"canonical\" href=\"https:\/\/www.apartment11.tv\/fr\/productions-tele\/endommageprise-ii\/\" \/>\n<meta property=\"og:locale\" content=\"fr_FR\" \/>\n<meta property=\"og:type\" content=\"article\" \/>\n<meta property=\"og:title\" content=\"Endommag\u00e9\u2026Prise II\" \/>\n<meta property=\"og:description\" content=\"Ce documentaire raconte l\u2019histoire d\u2019un r\u00e9alisateur reconnu qui suite \u00e0 un accident de voiture, apprend qu\u2019il ne pourra jamais plus marcher ni parler\" \/>\n<meta property=\"og:url\" content=\"https:\/\/www.apartment11.tv\/fr\/productions-tele\/endommageprise-ii\/\" \/>\n<meta property=\"og:site_name\" content=\"Apartment 11 Productions\" \/>\n<meta property=\"article:publisher\" content=\"https:\/\/www.facebook.com\/Apartment11Productions\" \/>\n<meta property=\"article:modified_time\" content=\"2018-10-22T13:03:49+00:00\" \/>\n<meta property=\"og:image\" content=\"http:\/\/apartment11.tv\/wp-content\/uploads\/logos\/cbc_newsworld.gif\" \/>\n<meta name=\"twitter:card\" content=\"summary_large_image\" \/>\n<meta name=\"twitter:site\" content=\"@Apartment11Prod\" \/>\n<meta name=\"twitter:label1\" content=\"Dur\u00e9e de lecture estim\u00e9e\" \/>\n\t<meta name=\"twitter:data1\" content=\"2 minutes\" \/>\n<script type=\"application\/ld+json\" class=\"yoast-schema-graph\">{\"@context\":\"https:\/\/schema.org\",\"@graph\":[{\"@type\":\"WebPage\",\"@id\":\"https:\/\/www.apartment11.tv\/fr\/productions-tele\/endommageprise-ii\/\",\"url\":\"https:\/\/www.apartment11.tv\/fr\/productions-tele\/endommageprise-ii\/\",\"name\":\"Endommag\u00e9\u2026Prise II\",\"isPartOf\":{\"@id\":\"https:\/\/www.apartment11.tv\/#website\"},\"primaryImageOfPage\":{\"@id\":\"https:\/\/www.apartment11.tv\/fr\/productions-tele\/endommageprise-ii\/#primaryimage\"},\"image\":{\"@id\":\"https:\/\/www.apartment11.tv\/fr\/productions-tele\/endommageprise-ii\/#primaryimage\"},\"thumbnailUrl\":\"http:\/\/apartment11.tv\/wp-content\/uploads\/logos\/cbc_newsworld.gif\",\"datePublished\":\"2015-12-31T14:16:38+00:00\",\"dateModified\":\"2018-10-22T13:03:49+00:00\",\"description\":\"Ce documentaire raconte l\u2019histoire d\u2019un r\u00e9alisateur reconnu qui suite \u00e0 un accident de voiture, apprend qu\u2019il ne pourra jamais plus marcher ni parler\",\"breadcrumb\":{\"@id\":\"https:\/\/www.apartment11.tv\/fr\/productions-tele\/endommageprise-ii\/#breadcrumb\"},\"inLanguage\":\"fr-FR\",\"potentialAction\":[{\"@type\":\"ReadAction\",\"target\":[\"https:\/\/www.apartment11.tv\/fr\/productions-tele\/endommageprise-ii\/\"]}]},{\"@type\":\"ImageObject\",\"inLanguage\":\"fr-FR\",\"@id\":\"https:\/\/www.apartment11.tv\/fr\/productions-tele\/endommageprise-ii\/#primaryimage\",\"url\":\"http:\/\/apartment11.tv\/wp-content\/uploads\/logos\/cbc_newsworld.gif\",\"contentUrl\":\"http:\/\/apartment11.tv\/wp-content\/uploads\/logos\/cbc_newsworld.gif\"},{\"@type\":\"BreadcrumbList\",\"@id\":\"https:\/\/www.apartment11.tv\/fr\/productions-tele\/endommageprise-ii\/#breadcrumb\",\"itemListElement\":[{\"@type\":\"ListItem\",\"position\":1,\"name\":\"Home\",\"item\":\"https:\/\/www.apartment11.tv\/fr\/\"},{\"@type\":\"ListItem\",\"position\":2,\"name\":\"Productions t\u00e9l\u00e9\",\"item\":\"https:\/\/www.apartment11.tv\/fr\/productions-tele\/\"},{\"@type\":\"ListItem\",\"position\":3,\"name\":\"Endommag\u00e9\u2026Prise II\"}]},{\"@type\":\"WebSite\",\"@id\":\"https:\/\/www.apartment11.tv\/#website\",\"url\":\"https:\/\/www.apartment11.tv\/\",\"name\":\"Apartment 11 Productions\",\"description\":\"Award-Winning Television Productions and Cross-Platform Projects for both Adult and Younger Audiences\",\"potentialAction\":[{\"@type\":\"SearchAction\",\"target\":{\"@type\":\"EntryPoint\",\"urlTemplate\":\"https:\/\/www.apartment11.tv\/?s={search_term_string}\"},\"query-input\":{\"@type\":\"PropertyValueSpecification\",\"valueRequired\":true,\"valueName\":\"search_term_string\"}}],\"inLanguage\":\"fr-FR\"}]}<\/script>\n<!-- \/ Yoast SEO plugin. -->","yoast_head_json":{"title":"Endommag\u00e9\u2026Prise II","description":"Ce documentaire raconte l\u2019histoire d\u2019un r\u00e9alisateur reconnu qui suite \u00e0 un accident de voiture, apprend qu\u2019il ne pourra jamais plus marcher ni parler","robots":{"index":"index","follow":"follow","max-snippet":"max-snippet:-1","max-image-preview":"max-image-preview:large","max-video-preview":"max-video-preview:-1"},"canonical":"https:\/\/www.apartment11.tv\/fr\/productions-tele\/endommageprise-ii\/","og_locale":"fr_FR","og_type":"article","og_title":"Endommag\u00e9\u2026Prise II","og_description":"Ce documentaire raconte l\u2019histoire d\u2019un r\u00e9alisateur reconnu qui suite \u00e0 un accident de voiture, apprend qu\u2019il ne pourra jamais plus marcher ni parler","og_url":"https:\/\/www.apartment11.tv\/fr\/productions-tele\/endommageprise-ii\/","og_site_name":"Apartment 11 Productions","article_publisher":"https:\/\/www.facebook.com\/Apartment11Productions","article_modified_time":"2018-10-22T13:03:49+00:00","og_image":[{"url":"http:\/\/apartment11.tv\/wp-content\/uploads\/logos\/cbc_newsworld.gif","type":"","width":"","height":""}],"twitter_card":"summary_large_image","twitter_site":"@Apartment11Prod","twitter_misc":{"Dur\u00e9e de lecture estim\u00e9e":"2 minutes"},"schema":{"@context":"https:\/\/schema.org","@graph":[{"@type":"WebPage","@id":"https:\/\/www.apartment11.tv\/fr\/productions-tele\/endommageprise-ii\/","url":"https:\/\/www.apartment11.tv\/fr\/productions-tele\/endommageprise-ii\/","name":"Endommag\u00e9\u2026Prise II","isPartOf":{"@id":"https:\/\/www.apartment11.tv\/#website"},"primaryImageOfPage":{"@id":"https:\/\/www.apartment11.tv\/fr\/productions-tele\/endommageprise-ii\/#primaryimage"},"image":{"@id":"https:\/\/www.apartment11.tv\/fr\/productions-tele\/endommageprise-ii\/#primaryimage"},"thumbnailUrl":"http:\/\/apartment11.tv\/wp-content\/uploads\/logos\/cbc_newsworld.gif","datePublished":"2015-12-31T14:16:38+00:00","dateModified":"2018-10-22T13:03:49+00:00","description":"Ce documentaire raconte l\u2019histoire d\u2019un r\u00e9alisateur reconnu qui suite \u00e0 un accident de voiture, apprend qu\u2019il ne pourra jamais plus marcher ni parler","breadcrumb":{"@id":"https:\/\/www.apartment11.tv\/fr\/productions-tele\/endommageprise-ii\/#breadcrumb"},"inLanguage":"fr-FR","potentialAction":[{"@type":"ReadAction","target":["https:\/\/www.apartment11.tv\/fr\/productions-tele\/endommageprise-ii\/"]}]},{"@type":"ImageObject","inLanguage":"fr-FR","@id":"https:\/\/www.apartment11.tv\/fr\/productions-tele\/endommageprise-ii\/#primaryimage","url":"http:\/\/apartment11.tv\/wp-content\/uploads\/logos\/cbc_newsworld.gif","contentUrl":"http:\/\/apartment11.tv\/wp-content\/uploads\/logos\/cbc_newsworld.gif"},{"@type":"BreadcrumbList","@id":"https:\/\/www.apartment11.tv\/fr\/productions-tele\/endommageprise-ii\/#breadcrumb","itemListElement":[{"@type":"ListItem","position":1,"name":"Home","item":"https:\/\/www.apartment11.tv\/fr\/"},{"@type":"ListItem","position":2,"name":"Productions t\u00e9l\u00e9","item":"https:\/\/www.apartment11.tv\/fr\/productions-tele\/"},{"@type":"ListItem","position":3,"name":"Endommag\u00e9\u2026Prise II"}]},{"@type":"WebSite","@id":"https:\/\/www.apartment11.tv\/#website","url":"https:\/\/www.apartment11.tv\/","name":"Apartment 11 Productions","description":"Award-Winning Television Productions and Cross-Platform Projects for both Adult and Younger Audiences","potentialAction":[{"@type":"SearchAction","target":{"@type":"EntryPoint","urlTemplate":"https:\/\/www.apartment11.tv\/?s={search_term_string}"},"query-input":{"@type":"PropertyValueSpecification","valueRequired":true,"valueName":"search_term_string"}}],"inLanguage":"fr-FR"}]}},"_links":{"self":[{"href":"https:\/\/www.apartment11.tv\/fr\/wp-json\/wp\/v2\/pages\/833","targetHints":{"allow":["GET"]}}],"collection":[{"href":"https:\/\/www.apartment11.tv\/fr\/wp-json\/wp\/v2\/pages"}],"about":[{"href":"https:\/\/www.apartment11.tv\/fr\/wp-json\/wp\/v2\/types\/page"}],"author":[{"embeddable":true,"href":"https:\/\/www.apartment11.tv\/fr\/wp-json\/wp\/v2\/users\/1"}],"replies":[{"embeddable":true,"href":"https:\/\/www.apartment11.tv\/fr\/wp-json\/wp\/v2\/comments?post=833"}],"version-history":[{"count":7,"href":"https:\/\/www.apartment11.tv\/fr\/wp-json\/wp\/v2\/pages\/833\/revisions"}],"predecessor-version":[{"id":1779,"href":"https:\/\/www.apartment11.tv\/fr\/wp-json\/wp\/v2\/pages\/833\/revisions\/1779"}],"up":[{"embeddable":true,"href":"https:\/\/www.apartment11.tv\/fr\/wp-json\/wp\/v2\/pages\/721"}],"wp:attachment":[{"href":"https:\/\/www.apartment11.tv\/fr\/wp-json\/wp\/v2\/media?parent=833"}],"curies":[{"name":"wp","href":"https:\/\/api.w.org\/{rel}","templated":true}]}}